{"id":632,"date":"2022-03-15T22:52:03","date_gmt":"2022-03-15T22:52:03","guid":{"rendered":"https:\/\/pharmacare.cl\/?page_id=632"},"modified":"2022-04-01T03:32:54","modified_gmt":"2022-04-01T03:32:54","slug":"noticias","status":"publish","type":"page","link":"https:\/\/pharmacare.cl\/?page_id=632","title":{"rendered":"Noticias"},"content":{"rendered":"<p>[vc_row css_animation=\u00bb\u00bb row_type=\u00bbrow\u00bb use_row_as_full_screen_section=\u00bbno\u00bb type=\u00bbfull_width\u00bb angled_section=\u00bbno\u00bb text_align=\u00bbleft\u00bb background_image_as_pattern=\u00bbwithout_pattern\u00bb css=\u00bb.vc_custom_1646783684385{padding-right: 80px !important;padding-left: 80px !important;}\u00bb z_index=\u00bb\u00bb][vc_column][vc_empty_space height=\u00bb64px\u00bb][\/vc_column][\/vc_row][vc_row css_animation=\u00bb\u00bb row_type=\u00bbrow\u00bb use_row_as_full_screen_section=\u00bbno\u00bb type=\u00bbfull_width\u00bb angled_section=\u00bbno\u00bb text_align=\u00bbleft\u00bb background_image_as_pattern=\u00bbwithout_pattern\u00bb css=\u00bb.vc_custom_1646783684385{padding-right: 80px !important;padding-left: 80px !important;}\u00bb z_index=\u00bb\u00bb][vc_column width=\u00bb1\/2&#8243;][vc_column_text]<\/p>\n<h3 style=\"text-align: left;\">Noticias<\/h3>\n<p>[\/vc_column_text][\/vc_column][vc_column width=\u00bb1\/2&#8243;][vc_column_text]<\/p>\n<h3 style=\"text-align: right;\">Redes Sociales<\/h3>\n<p>[\/vc_column_text][\/vc_column][\/vc_row][vc_row css_animation=\u00bb\u00bb row_type=\u00bbrow\u00bb use_row_as_full_screen_section=\u00bbno\u00bb type=\u00bbfull_width\u00bb angled_section=\u00bbno\u00bb text_align=\u00bbleft\u00bb background_image_as_pattern=\u00bbwithout_pattern\u00bb css=\u00bb.vc_custom_1646783684385{padding-right: 80px !important;padding-left: 80px !important;}\u00bb z_index=\u00bb\u00bb][vc_column][vc_empty_space height=\u00bb64px\u00bb][\/vc_column][\/vc_row][vc_row css_animation=\u00bb\u00bb row_type=\u00bbrow\u00bb use_row_as_full_screen_section=\u00bbno\u00bb type=\u00bbfull_width\u00bb angled_section=\u00bbno\u00bb text_align=\u00bbleft\u00bb background_image_as_pattern=\u00bbwithout_pattern\u00bb css=\u00bb.vc_custom_1646783705828{padding-right: 80px !important;padding-left: 80px !important;}\u00bb z_index=\u00bb\u00bb][vc_column][vc_separator type=\u00bbnormal\u00bb color=\u00bb#adadad\u00bb][\/vc_column][\/vc_row][vc_row css_animation=\u00bb\u00bb row_type=\u00bbrow\u00bb use_row_as_full_screen_section=\u00bbno\u00bb type=\u00bbfull_width\u00bb angled_section=\u00bbno\u00bb text_align=\u00bbleft\u00bb background_image_as_pattern=\u00bbwithout_pattern\u00bb css=\u00bb.vc_custom_1646783705828{padding-right: 80px !important;padding-left: 80px !important;}\u00bb z_index=\u00bb\u00bb][vc_column width=\u00bb2\/3&#8243;][vc_column_text]<\/p>\n<h4>Alimentos<\/h4>\n<p>[\/vc_column_text][vc_empty_space][vc_column_text]<div class=\"wp-rss-template-container\" data-wpra-template=\"default\" data-template-ctx=\"eyJmZWVkcyI6InJzc19jb29wZXJhdGl2YV9hbGltZW50b3MifQ==\">\n    <div class=\"wp-rss-aggregator wpra-list-template  \" data-page=\"1\">\n    \n    \n<ul class=\"wpra-item-list rss-aggregator wpra-item-list--bullets wpra-item-list--default\"\n    start=\"1\">\n                        <li class=\"wpra-item feed-item \">\n            \n            \n\n    <a  href=\"https:\/\/cooperativa.cl\/noticias\/sociedad\/ciencia\/alimentos\/cientificas-chilenas-rescatan-desechos-del-vino-y-la-cerveza-para-crear\/2024-02-14\/082505.html\" target=\"_blank\" rel=\"nofollow\" class=\"\">Cient\u00edficas chilenas rescatan desechos del vino y la cerveza para crear \"superalimentos\"<\/a>\n\n\n\n\n\n\n<div class=\"wprss-feed-meta\">\n    \n            <span class=\"feed-date\">\n            Publicado el: 14-02-2024\n        <\/span>\n    \n    <\/div>\n\n\n\n\n\n            \n        <\/li>\n                    <li class=\"wpra-item feed-item \">\n            \n            \n\n    <a  href=\"https:\/\/cooperativa.cl\/noticias\/sociedad\/ciencia\/alimentos\/estudio-de-la-u-de-chile-descubrio-presencia-de-microplasticos-en\/2024-01-12\/131531.html\" target=\"_blank\" rel=\"nofollow\" class=\"\">Estudio de la U. de Chile descubri\u00f3 presencia de micropl\u00e1sticos en marcas de agua embotellada<\/a>\n\n\n\n\n\n\n<div class=\"wprss-feed-meta\">\n    \n            <span class=\"feed-date\">\n            Publicado el: 12-01-2024\n        <\/span>\n    \n    <\/div>\n\n\n\n\n\n            \n        <\/li>\n                    <li class=\"wpra-item feed-item \">\n            \n            \n\n    <a  href=\"https:\/\/cooperativa.cl\/noticias\/pais\/regiones\/ministerio-de-ciencias-financiara-proyectos-para-desarrollo\/2023-11-29\/120610.html\" target=\"_blank\" rel=\"nofollow\" class=\"\">Ministerio de Ciencias financiar\u00e1 proyectos para desarrollo agroalimentario sostenible<\/a>\n\n\n\n\n\n\n<div class=\"wprss-feed-meta\">\n    \n            <span class=\"feed-date\">\n            Publicado el: 29-11-2023\n        <\/span>\n    \n    <\/div>\n\n\n\n\n\n            \n        <\/li>\n        <\/ul>\n\n        \n<\/div>\n\n<\/div>\n[\/vc_column_text][vc_separator type=\u00bbnormal\u00bb color=\u00bb#adadad\u00bb][vc_column_text]<\/p>\n<h4>Alimentaci\u00f3n<\/h4>\n<p>[\/vc_column_text][vc_empty_space][vc_column_text]<div class=\"wp-rss-template-container\" data-wpra-template=\"default\" data-template-ctx=\"eyJmZWVkcyI6InJzc19jb29wZXJhdGl2YV9hbGltZW50YWNpb24ifQ==\">\n    <div class=\"wp-rss-aggregator wpra-list-template  \" data-page=\"1\">\n    \n    \n<ul class=\"wpra-item-list rss-aggregator wpra-item-list--bullets wpra-item-list--default\"\n    start=\"1\">\n                        <li class=\"wpra-item feed-item \">\n            \n            \n\n    <a  href=\"https:\/\/cooperativa.cl\/noticias\/pais\/educacion\/beneficios\/lasana-sin-pasta-creada-por-alumnas-duoc-va-camino-a-la-mesa-de-miles\/2025-11-28\/160813.html\" target=\"_blank\" rel=\"nofollow\" class=\"\">\"Lasa\u00f1a sin pasta\" creada por alumnas DUOC va camino a la mesa de miles de escolares<\/a>\n\n\n\n\n\n\n<div class=\"wprss-feed-meta\">\n    \n            <span class=\"feed-date\">\n            Publicado el: 28-11-2025\n        <\/span>\n    \n    <\/div>\n\n\n\n\n\n            \n        <\/li>\n                    <li class=\"wpra-item feed-item \">\n            \n            \n\n    <a  href=\"https:\/\/cooperativa.cl\/noticias\/sociedad\/salud\/alimentacion\/cientificos-advierten-alimentos-ultraprocesados-son-el-nuevo-tabaco\/2025-11-19\/164749.html\" target=\"_blank\" rel=\"nofollow\" class=\"\">Cient\u00edficos advierten: alimentos ultraprocesados son \"el nuevo tabaco\"<\/a>\n\n\n\n\n\n\n<div class=\"wprss-feed-meta\">\n    \n            <span class=\"feed-date\">\n            Publicado el: 19-11-2025\n        <\/span>\n    \n    <\/div>\n\n\n\n\n\n            \n        <\/li>\n                    <li class=\"wpra-item feed-item \">\n            \n            \n\n    <a  href=\"https:\/\/cooperativa.cl\/noticias\/mundo\/europa\/hungria\/hungria-prohibe-la-produccion-y-venta-de-carne-artificial-cultivada-en\/2025-11-18\/154541.html\" target=\"_blank\" rel=\"nofollow\" class=\"\">Hungr\u00eda proh\u00edbe la producci\u00f3n y venta de carne artificial, cultivada en laboratorio<\/a>\n\n\n\n\n\n\n<div class=\"wprss-feed-meta\">\n    \n            <span class=\"feed-date\">\n            Publicado el: 18-11-2025\n        <\/span>\n    \n    <\/div>\n\n\n\n\n\n            \n        <\/li>\n        <\/ul>\n\n        \n<\/div>\n\n<\/div>\n[\/vc_column_text][vc_separator type=\u00bbnormal\u00bb color=\u00bb#adadad\u00bb][vc_column_text]<\/p>\n<h4>Coronavirus<\/h4>\n<p>[\/vc_column_text][vc_empty_space][vc_column_text]<\/p>\n<div class=\"wp-rss-template-container\" data-wpra-template=\"default\" data-template-ctx=\"eyJmZWVkcyI6InJzc19jb29wZXJhdGl2YV9jb3JvbmF2aXJ1cyJ9\">\n    <div class=\"wp-rss-aggregator wpra-list-template  \" data-page=\"1\">\n    \n    \n<ul class=\"wpra-item-list rss-aggregator wpra-item-list--bullets wpra-item-list--default\"\n    start=\"1\">\n                        <li class=\"wpra-item feed-item \">\n            \n            \n\n    <a  href=\"https:\/\/cooperativa.cl\/noticias\/sociedad\/salud\/coronavirus\/oms-podra-declarar-emergencias-pandemicas-con-nuevas-reglas-sanitarias\/2025-09-19\/162348.html\" target=\"_blank\" rel=\"nofollow\" class=\"\">OMS podr\u00e1 declarar \"emergencias pand\u00e9micas\" con nuevas reglas sanitarias internacionales<\/a>\n\n\n\n\n\n\n<div class=\"wprss-feed-meta\">\n    \n            <span class=\"feed-date\">\n            Publicado el: 19-09-2025\n        <\/span>\n    \n    <\/div>\n\n\n\n\n\n            \n        <\/li>\n                    <li class=\"wpra-item feed-item \">\n            \n            \n\n    <a  href=\"https:\/\/cooperativa.cl\/noticias\/sociedad\/salud\/coronavirus\/manalich-pinera-debe-tener-una-estatua-afuera-de-la-moneda-por-su\/2025-06-06\/162518.html\" target=\"_blank\" rel=\"nofollow\" class=\"\">Ma\u00f1alich: Pi\u00f1era debe tener una estatua afuera de La Moneda por su manejo de la pandemia<\/a>\n\n\n\n\n\n\n<div class=\"wprss-feed-meta\">\n    \n            <span class=\"feed-date\">\n            Publicado el: 06-06-2025\n        <\/span>\n    \n    <\/div>\n\n\n\n\n\n            \n        <\/li>\n                    <li class=\"wpra-item feed-item \">\n            \n            \n\n    <a  href=\"https:\/\/cooperativa.cl\/noticias\/sociedad\/salud\/coronavirus\/china-exige-investigar-a-ee-uu-por-los-origenes-del-covid-19\/2025-04-30\/090126.html\" target=\"_blank\" rel=\"nofollow\" class=\"\">China exige investigar a EE. UU. por los or\u00edgenes del Covid-19<\/a>\n\n\n\n\n\n\n<div class=\"wprss-feed-meta\">\n    \n            <span class=\"feed-date\">\n            Publicado el: 30-04-2025\n        <\/span>\n    \n    <\/div>\n\n\n\n\n\n            \n        <\/li>\n        <\/ul>\n\n        \n<\/div>\n\n<\/div>\n\n<p>[\/vc_column_text][vc_separator type=\u00bbnormal\u00bb color=\u00bb#adadad\u00bb][vc_column_text]<\/p>\n<h4>Envejecimiento<\/h4>\n<p>[\/vc_column_text][vc_empty_space][vc_column_text]<div class=\"wp-rss-template-container\" data-wpra-template=\"default\" data-template-ctx=\"eyJmZWVkcyI6InJzc19jb29wZXJhdGl2YV9lbnZlamVjaW1pZW50byJ9\">\n    <div class=\"wp-rss-aggregator wpra-list-template  \" data-page=\"1\">\n    \n    \n<ul class=\"wpra-item-list rss-aggregator wpra-item-list--bullets wpra-item-list--default\"\n    start=\"1\">\n                        <li class=\"wpra-item feed-item \">\n            \n            \n\n    <a  href=\"https:\/\/cooperativa.cl\/noticias\/sociedad\/ciencia\/congreso-futuro\/periodista-que-lucha-por-resignificar-la-vejez-la-nueva-longevidad-es\/2024-01-18\/172907.html\" target=\"_blank\" rel=\"nofollow\" class=\"\">Periodista que lucha por resignificar la vejez: \"La Nueva Longevidad es una manera diferente de vivir\"<\/a>\n\n\n\n\n\n\n<div class=\"wprss-feed-meta\">\n    \n            <span class=\"feed-date\">\n            Publicado el: 18-01-2024\n        <\/span>\n    \n    <\/div>\n\n\n\n\n\n            \n        <\/li>\n                    <li class=\"wpra-item feed-item \">\n            \n            \n\n    <a  href=\"https:\/\/cooperativa.cl\/noticias\/sociedad\/salud\/envejecimiento\/mujer-de-101-anos-conto-el-secreto-de-su-larga-y-feliz-vida\/2022-11-09\/185200.html\" target=\"_blank\" rel=\"nofollow\" class=\"\">Mujer de 101 a\u00f1os cont\u00f3 el \"secreto\" de su larga y feliz vida<\/a>\n\n\n\n\n\n\n<div class=\"wprss-feed-meta\">\n    \n            <span class=\"feed-date\">\n            Publicado el: 09-11-2022\n        <\/span>\n    \n    <\/div>\n\n\n\n\n\n            \n        <\/li>\n                    <li class=\"wpra-item feed-item \">\n            \n            \n\n    <a  href=\"https:\/\/cooperativa.cl\/noticias\/sociedad\/salud\/envejecimiento\/oms-advierte-vinculo-de-perdida-de-audicion-con-salud-mental\/2022-10-14\/082211.html\" target=\"_blank\" rel=\"nofollow\" class=\"\">OMS advierte v\u00ednculo de p\u00e9rdida de audici\u00f3n con salud mental<\/a>\n\n\n\n\n\n\n<div class=\"wprss-feed-meta\">\n    \n            <span class=\"feed-date\">\n            Publicado el: 14-10-2022\n        <\/span>\n    \n    <\/div>\n\n\n\n\n\n            \n        <\/li>\n        <\/ul>\n\n        \n<\/div>\n\n<\/div>\n<p>[\/vc_column_text][vc_separator type=\u00bbnormal\u00bb color=\u00bb#adadad\u00bb][vc_column_text]<\/p>\n<h4>Alzehimer<\/h4>\n<p>[\/vc_column_text][vc_empty_space][vc_column_text]<div class=\"wp-rss-template-container\" data-wpra-template=\"default\" data-template-ctx=\"eyJmZWVkcyI6InJzc19jb29wZXJhdGl2YV9hbHplaGltZXIifQ==\">\n    <div class=\"wp-rss-aggregator wpra-list-template  \" data-page=\"1\">\n    \n    \n<ul class=\"wpra-item-list rss-aggregator wpra-item-list--bullets wpra-item-list--default\"\n    start=\"1\">\n                        <li class=\"wpra-item feed-item \">\n            \n            \n\n    <a  href=\"https:\/\/cooperativa.cl\/noticias\/sociedad\/salud\/alzheimer\/estudio-italiano-descubrio-que-farmaco-contra-el-colesterol-es-eficaz\/2025-08-30\/120713.html\" target=\"_blank\" rel=\"nofollow\" class=\"\">Estudio italiano descubri\u00f3 que f\u00e1rmaco contra el colesterol es eficaz contra la demencia<\/a>\n\n\n\n\n\n\n<div class=\"wprss-feed-meta\">\n    \n            <span class=\"feed-date\">\n            Publicado el: 30-08-2025\n        <\/span>\n    \n    <\/div>\n\n\n\n\n\n            \n        <\/li>\n                    <li class=\"wpra-item feed-item \">\n            \n            \n\n    <a  href=\"https:\/\/cooperativa.cl\/noticias\/sociedad\/salud\/alzheimer\/nuevos-pasos-en-el-alzheimer-un-compuesto-de-litio-restaura-la-memoria\/2025-08-06\/154809.html\" target=\"_blank\" rel=\"nofollow\" class=\"\">Nuevos pasos en el alzh\u00e9imer: Un compuesto de litio restaura la memoria en ratones<\/a>\n\n\n\n\n\n\n<div class=\"wprss-feed-meta\">\n    \n            <span class=\"feed-date\">\n            Publicado el: 06-08-2025\n        <\/span>\n    \n    <\/div>\n\n\n\n\n\n            \n        <\/li>\n                    <li class=\"wpra-item feed-item \">\n            \n            \n\n    <a  href=\"https:\/\/cooperativa.cl\/noticias\/sociedad\/salud\/alzheimer\/piden-plan-nacional-de-demencias-para-chile-en-2050-seremos-medio\/2024-09-24\/112548.html\" target=\"_blank\" rel=\"nofollow\" class=\"\">Piden \"Plan Nacional de Demencias\" para Chile: \"En 2050 seremos medio mill\u00f3n\"<\/a>\n\n\n\n\n\n\n<div class=\"wprss-feed-meta\">\n    \n            <span class=\"feed-date\">\n            Publicado el: 24-09-2024\n        <\/span>\n    \n    <\/div>\n\n\n\n\n\n            \n        <\/li>\n        <\/ul>\n\n        \n<\/div>\n\n<\/div>\n[\/vc_column_text][vc_separator type=\u00bbnormal\u00bb color=\u00bb#adadad\u00bb][vc_column_text]<\/p>\n<h4>Alcoholismo<\/h4>\n<p>[\/vc_column_text][vc_empty_space][vc_column_text]<div class=\"wp-rss-template-container\" data-wpra-template=\"default\" data-template-ctx=\"eyJmZWVkcyI6InJzc19jb29wZXJhdGl2YV9hbGNvaG9saXNtbyJ9\">\n    <div class=\"wp-rss-aggregator wpra-list-template  \" data-page=\"1\">\n    \n    \n<ul class=\"wpra-item-list rss-aggregator wpra-item-list--bullets wpra-item-list--default\"\n    start=\"1\">\n                        <li class=\"wpra-item feed-item \">\n            \n            \n\n    <a  href=\"https:\/\/cooperativa.cl\/noticias\/sociedad\/salud\/alcoholismo\/ensayan-terapia-con-hongos-alucinogenos-para-curar-el-alcoholismo\/2024-07-19\/150544.html\" target=\"_blank\" rel=\"nofollow\" class=\"\">Ensayan terapia con hongos alucin\u00f3genos para curar el alcoholismo<\/a>\n\n\n\n\n\n\n<div class=\"wprss-feed-meta\">\n    \n            <span class=\"feed-date\">\n            Publicado el: 19-07-2024\n        <\/span>\n    \n    <\/div>\n\n\n\n\n\n            \n        <\/li>\n                    <li class=\"wpra-item feed-item \">\n            \n            \n\n    <a  href=\"https:\/\/cooperativa.cl\/noticias\/sociedad\/salud\/cancer\/obesidad-y-alcohol-aumentan-las-tasas-de-cancer-de-intestino-en-los\/2024-01-29\/092644.html\" target=\"_blank\" rel=\"nofollow\" class=\"\">Obesidad y alcohol aumentan las tasas de c\u00e1ncer de intestino en los adultos<\/a>\n\n\n\n\n\n\n<div class=\"wprss-feed-meta\">\n    \n            <span class=\"feed-date\">\n            Publicado el: 29-01-2024\n        <\/span>\n    \n    <\/div>\n\n\n\n\n\n            \n        <\/li>\n                    <li class=\"wpra-item feed-item \">\n            \n            \n\n    <a  href=\"https:\/\/cooperativa.cl\/noticias\/sociedad\/salud\/alcoholismo\/hoy-es-el-dia-mundial-sin-alcohol\/2022-11-15\/123055.html\" target=\"_blank\" rel=\"nofollow\" class=\"\">Hoy es el D\u00eda Mundial sin Alcohol<\/a>\n\n\n\n\n\n\n<div class=\"wprss-feed-meta\">\n    \n            <span class=\"feed-date\">\n            Publicado el: 15-11-2022\n        <\/span>\n    \n    <\/div>\n\n\n\n\n\n            \n        <\/li>\n        <\/ul>\n\n        \n<\/div>\n\n<\/div>\n<p>[\/vc_column_text][vc_separator type=\u00bbnormal\u00bb color=\u00bb#adadad\u00bb][vc_column_text]<\/p>\n<h4>C\u00e1ncer<\/h4>\n<p>[\/vc_column_text][vc_empty_space][vc_column_text]<div class=\"wp-rss-template-container\" data-wpra-template=\"default\" data-template-ctx=\"eyJmZWVkcyI6InJzc19jb29wZXJhdGl2YV9jYW5jZXIifQ==\">\n    <div class=\"wp-rss-aggregator wpra-list-template  \" data-page=\"1\">\n    \n    \n<ul class=\"wpra-item-list rss-aggregator wpra-item-list--bullets wpra-item-list--default\"\n    start=\"1\">\n                        <li class=\"wpra-item feed-item \">\n            \n            \n\n    <a  href=\"https:\/\/cooperativa.cl\/noticias\/pais\/salud\/paulina-urrutia-protagoniza-emotivo-spot-de-la-conac\/2025-11-06\/105258.html\" target=\"_blank\" rel=\"nofollow\" class=\"\">Paulina Urrutia protagoniza emotivo spot de la Conac<\/a>\n\n\n\n\n\n\n<div class=\"wprss-feed-meta\">\n    \n            <span class=\"feed-date\">\n            Publicado el: 06-11-2025\n        <\/span>\n    \n    <\/div>\n\n\n\n\n\n            \n        <\/li>\n                    <li class=\"wpra-item feed-item \">\n            \n            \n\n    <a  href=\"https:\/\/cooperativa.cl\/noticias\/mundo\/ee-uu\/joe-biden\/joe-biden-se-sometera-a-radioterapia-para-tratar-su-cancer-de-prostata\/2025-10-11\/175836.html\" target=\"_blank\" rel=\"nofollow\" class=\"\">Joe Biden se someter\u00e1 a radioterapia para tratar su c\u00e1ncer de pr\u00f3stata<\/a>\n\n\n\n\n\n\n<div class=\"wprss-feed-meta\">\n    \n            <span class=\"feed-date\">\n            Publicado el: 11-10-2025\n        <\/span>\n    \n    <\/div>\n\n\n\n\n\n            \n        <\/li>\n                    <li class=\"wpra-item feed-item \">\n            \n            \n\n    <a  href=\"https:\/\/cooperativa.cl\/noticias\/pais\/ciudades\/ciclorecreovia-en-providencia-tendra-nueva-edicion-nocturna\/2025-10-07\/124950.html\" target=\"_blank\" rel=\"nofollow\" class=\"\">CicloRecreoV\u00eda en Providencia tendr\u00e1 nueva edici\u00f3n nocturna<\/a>\n\n\n\n\n\n\n<div class=\"wprss-feed-meta\">\n    \n            <span class=\"feed-date\">\n            Publicado el: 07-10-2025\n        <\/span>\n    \n    <\/div>\n\n\n\n\n\n            \n        <\/li>\n        <\/ul>\n\n        \n<\/div>\n\n<\/div>\n[\/vc_column_text][vc_separator type=\u00bbnormal\u00bb color=\u00bb#adadad\u00bb][vc_column_text]<\/p>\n<h4>Cirug\u00eda Pl\u00e1stica<\/h4>\n<p>[\/vc_column_text][vc_empty_space][vc_column_text]<\/p>\n<div class=\"wp-rss-template-container\" data-wpra-template=\"default\" data-template-ctx=\"eyJmZWVkcyI6InJzc19jb29wZXJhdGl2YV9jaXJ1Z2lhX3BsYXN0aWNhIn0=\">\n    <div class=\"wp-rss-aggregator wpra-list-template  \" data-page=\"1\">\n    \n    \n<ul class=\"wpra-item-list rss-aggregator wpra-item-list--bullets wpra-item-list--default\"\n    start=\"1\">\n                        <li class=\"wpra-item feed-item \">\n            \n            \n\n    <a  href=\"https:\/\/cooperativa.cl\/noticias\/sociedad\/sucesos\/viajo-a-mexico-para-estiramiento-de-piel-pero-desperto-con-aumento-de\/2023-11-24\/141507.html\" target=\"_blank\" rel=\"nofollow\" class=\"\">Viaj\u00f3 a M\u00e9xico para estiramiento de piel, pero despert\u00f3 con aumento de senos y gl\u00fateos levantados<\/a>\n\n\n\n\n\n\n<div class=\"wprss-feed-meta\">\n    \n            <span class=\"feed-date\">\n            Publicado el: 24-11-2023\n        <\/span>\n    \n    <\/div>\n\n\n\n\n\n            \n        <\/li>\n                    <li class=\"wpra-item feed-item \">\n            \n            \n\n    <a  href=\"https:\/\/cooperativa.cl\/noticias\/sociedad\/salud\/cirugia-plastica\/hito-medico-paciente-recibe-exitoso-primer-trasplante-de-ojo-completo\/2023-11-10\/091405.html\" target=\"_blank\" rel=\"nofollow\" class=\"\">Hito m\u00e9dico: Paciente recibe exitoso primer trasplante de ojo completo<\/a>\n\n\n\n\n\n\n<div class=\"wprss-feed-meta\">\n    \n            <span class=\"feed-date\">\n            Publicado el: 10-11-2023\n        <\/span>\n    \n    <\/div>\n\n\n\n\n\n            \n        <\/li>\n                    <li class=\"wpra-item feed-item \">\n            \n            \n\n    <a  href=\"https:\/\/cooperativa.cl\/noticias\/sociedad\/sucesos\/joven-gasto-cerca-de-40-millones-para-tener-el-trasero-de-nicki-minaj\/2023-05-19\/133452.html\" target=\"_blank\" rel=\"nofollow\" class=\"\">Joven gast\u00f3 cerca de $40 millones para tener el trasero de Nicki Minaj: \"Quiero parecerme lo m\u00e1s posible\"<\/a>\n\n\n\n\n\n\n<div class=\"wprss-feed-meta\">\n    \n            <span class=\"feed-date\">\n            Publicado el: 19-05-2023\n        <\/span>\n    \n    <\/div>\n\n\n\n\n\n            \n        <\/li>\n        <\/ul>\n\n        \n<\/div>\n\n<\/div>\n\n<p>[\/vc_column_text][vc_separator type=\u00bbnormal\u00bb color=\u00bb#adadad\u00bb][vc_column_text]<\/p>\n<h4>Contaminaci\u00f3n<\/h4>\n<p>[\/vc_column_text][vc_empty_space][vc_column_text]<div class=\"wp-rss-template-container\" data-wpra-template=\"default\" data-template-ctx=\"eyJmZWVkcyI6InJzc19jb29wZXJhdGl2YV9jb250YW1pbmFjaW9uIn0=\">\n    <div class=\"wp-rss-aggregator wpra-list-template  \" data-page=\"1\">\n    \n    \n<ul class=\"wpra-item-list rss-aggregator wpra-item-list--bullets wpra-item-list--default\"\n    start=\"1\">\n                        <li class=\"wpra-item feed-item \">\n            \n            \n\n    <a  href=\"https:\/\/cooperativa.cl\/noticias\/pais\/region-del-biobio\/vertederos-ilegales-desbordan-chiguayante-y-alcanzan-el-rio-biobio\/2025-11-30\/135336.html\" target=\"_blank\" rel=\"nofollow\" class=\"\">Vertederos ilegales desbordan Chiguayante y alcanzan el r\u00edo Biob\u00edo<\/a>\n\n\n\n\n\n\n<div class=\"wprss-feed-meta\">\n    \n            <span class=\"feed-date\">\n            Publicado el: 30-11-2025\n        <\/span>\n    \n    <\/div>\n\n\n\n\n\n            \n        <\/li>\n                    <li class=\"wpra-item feed-item \">\n            \n            \n\n    <a  href=\"https:\/\/cooperativa.cl\/noticias\/mundo\/medio-oriente\/libano\/libano-arbol-de-10-metros-hecho-de-botellas-plasticas-busca-batir\/2025-11-23\/125309.html\" target=\"_blank\" rel=\"nofollow\" class=\"\">L\u00edbano: \u00e1rbol de 10 metros hecho de botellas pl\u00e1sticas busca batir r\u00e9cord Guinness<\/a>\n\n\n\n\n\n\n<div class=\"wprss-feed-meta\">\n    \n            <span class=\"feed-date\">\n            Publicado el: 23-11-2025\n        <\/span>\n    \n    <\/div>\n\n\n\n\n\n            \n        <\/li>\n                    <li class=\"wpra-item feed-item \">\n            \n            \n\n    <a  href=\"https:\/\/cooperativa.cl\/noticias\/pais\/policial\/camionero-contamino-aguas-del-lago-chungara-tras-volcar-y-derramar\/2025-11-21\/200316.html\" target=\"_blank\" rel=\"nofollow\" class=\"\">Camionero contamin\u00f3 aguas del Lago Chungar\u00e1 tras volcar y derramar aceite de soya<\/a>\n\n\n\n\n\n\n<div class=\"wprss-feed-meta\">\n    \n            <span class=\"feed-date\">\n            Publicado el: 21-11-2025\n        <\/span>\n    \n    <\/div>\n\n\n\n\n\n            \n        <\/li>\n        <\/ul>\n\n        \n<\/div>\n\n<\/div>\n[\/vc_column_text][vc_separator type=\u00bbnormal\u00bb color=\u00bb#adadad\u00bb][vc_column_text]<\/p>\n<h4>Coraz\u00f3n<\/h4>\n<p>[\/vc_column_text][vc_empty_space][vc_column_text]<\/p>\n<div class=\"wp-rss-template-container\" data-wpra-template=\"default\" data-template-ctx=\"eyJmZWVkcyI6InJzc19jb29wZXJhdGl2YV9jb3Jhem9uIn0=\">\n    <div class=\"wp-rss-aggregator wpra-list-template  \" data-page=\"1\">\n    \n    \n<ul class=\"wpra-item-list rss-aggregator wpra-item-list--bullets wpra-item-list--default\"\n    start=\"1\">\n                        <li class=\"wpra-item feed-item \">\n            \n            \n\n    <a  href=\"https:\/\/cooperativa.cl\/noticias\/sociedad\/salud\/corazon\/medicos-recomiendan-el-ritmo-de-algunas-canciones-para-masajes-ante\/2025-10-16\/073725.html\" target=\"_blank\" rel=\"nofollow\" class=\"\">M\u00e9dicos recomiendan el ritmo de algunas canciones para masajes ante paros cardiacos<\/a>\n\n\n\n\n\n\n<div class=\"wprss-feed-meta\">\n    \n            <span class=\"feed-date\">\n            Publicado el: 16-10-2025\n        <\/span>\n    \n    <\/div>\n\n\n\n\n\n            \n        <\/li>\n                    <li class=\"wpra-item feed-item \">\n            \n            \n\n    <a  href=\"https:\/\/cooperativa.cl\/noticias\/sociedad\/salud\/corazon\/cientificos-crean-ia-para-oir-los-latidos-del-corazon-y-prevenir\/2025-09-19\/124203.html\" target=\"_blank\" rel=\"nofollow\" class=\"\">Cient\u00edficos crean IA para o\u00edr los latidos del coraz\u00f3n y prevenir infartos<\/a>\n\n\n\n\n\n\n<div class=\"wprss-feed-meta\">\n    \n            <span class=\"feed-date\">\n            Publicado el: 19-09-2025\n        <\/span>\n    \n    <\/div>\n\n\n\n\n\n            \n        <\/li>\n                    <li class=\"wpra-item feed-item \">\n            \n            \n\n    <a  href=\"https:\/\/cooperativa.cl\/noticias\/sociedad\/salud\/corazon\/como-reconocer-los-sintomas-de-un-infarto\/2025-08-11\/112301.html\" target=\"_blank\" rel=\"nofollow\" class=\"\">\u00bfC\u00f3mo reconocer los s\u00edntomas de un infarto?<\/a>\n\n\n\n\n\n\n<div class=\"wprss-feed-meta\">\n    \n            <span class=\"feed-date\">\n            Publicado el: 11-08-2025\n        <\/span>\n    \n    <\/div>\n\n\n\n\n\n            \n        <\/li>\n        <\/ul>\n\n        \n<\/div>\n\n<\/div>\n\n<p>[\/vc_column_text][vc_separator type=\u00bbnormal\u00bb color=\u00bb#adadad\u00bb][vc_column_text]<\/p>\n<h4>Depresi\u00f3n<\/h4>\n<p>[\/vc_column_text][vc_empty_space][vc_column_text]<div class=\"wp-rss-template-container\" data-wpra-template=\"default\" data-template-ctx=\"eyJmZWVkcyI6InJzc19jb29wZXJhdGl2YV9kZXByZXNpb24ifQ==\">\n    <div class=\"wp-rss-aggregator wpra-list-template  \" data-page=\"1\">\n    \n    \n<ul class=\"wpra-item-list rss-aggregator wpra-item-list--bullets wpra-item-list--default\"\n    start=\"1\">\n                        <li class=\"wpra-item feed-item \">\n            \n            \n\n    <a  href=\"https:\/\/cooperativa.cl\/noticias\/pais\/salud\/gobierno-lanzo-inedita-campana-de-salud-mental-la-gente-joven-se\/2025-10-09\/111950.html\" target=\"_blank\" rel=\"nofollow\" class=\"\">Gobierno lanz\u00f3 in\u00e9dita campa\u00f1a de salud mental: \"La gente joven se siente m\u00e1s sola que nunca antes\"<\/a>\n\n\n\n\n\n\n<div class=\"wprss-feed-meta\">\n    \n            <span class=\"feed-date\">\n            Publicado el: 09-10-2025\n        <\/span>\n    \n    <\/div>\n\n\n\n\n\n            \n        <\/li>\n                    <li class=\"wpra-item feed-item \">\n            \n            \n\n    <a  href=\"https:\/\/cooperativa.cl\/noticias\/pais\/salud\/dia-de-la-prevencion-como-identificar-y-ayudar-a-una-persona-con\/2025-09-08\/123650.html\" target=\"_blank\" rel=\"nofollow\" class=\"\">D\u00eda de la Prevenci\u00f3n: C\u00f3mo identificar y ayudar a una persona con pensamientos suicidas<\/a>\n\n\n\n\n\n\n<div class=\"wprss-feed-meta\">\n    \n            <span class=\"feed-date\">\n            Publicado el: 08-09-2025\n        <\/span>\n    \n    <\/div>\n\n\n\n\n\n            \n        <\/li>\n                    <li class=\"wpra-item feed-item \">\n            \n            \n\n    <a  href=\"https:\/\/cooperativa.cl\/noticias\/pais\/infancia\/creciendo-juntos-como-manejar-la-depresion-en-ninas-ninos-y\/2024-10-01\/125952.html\" target=\"_blank\" rel=\"nofollow\" class=\"\">Creciendo Juntos: \u00bfC\u00f3mo manejar la depresi\u00f3n en ni\u00f1as, ni\u00f1os y adolescentes?<\/a>\n\n\n\n\n\n\n<div class=\"wprss-feed-meta\">\n    \n            <span class=\"feed-date\">\n            Publicado el: 01-10-2024\n        <\/span>\n    \n    <\/div>\n\n\n\n\n\n            \n        <\/li>\n        <\/ul>\n\n        \n<\/div>\n\n<\/div>\n[\/vc_column_text][vc_separator type=\u00bbnormal\u00bb color=\u00bb#adadad\u00bb][vc_column_text]<\/p>\n<h4>Diabetes<\/h4>\n<p>[\/vc_column_text][vc_empty_space][vc_column_text]<div class=\"wp-rss-template-container\" data-wpra-template=\"default\" data-template-ctx=\"eyJmZWVkcyI6InJzc19jb29wZXJhdGl2YV9kaWFiZXRlcyJ9\">\n    <div class=\"wp-rss-aggregator wpra-list-template  \" data-page=\"1\">\n    \n    \n<ul class=\"wpra-item-list rss-aggregator wpra-item-list--bullets wpra-item-list--default\"\n    start=\"1\">\n                        <li class=\"wpra-item feed-item \">\n            \n            \n\n    <a  href=\"https:\/\/cooperativa.cl\/noticias\/magazine\/tendencias\/juguetes\/barbie-estrena-su-primera-muneca-con-diabetes-tipo-1\/2025-07-09\/131935.html\" target=\"_blank\" rel=\"nofollow\" class=\"\">Barbie estrena su primera mu\u00f1eca con diabetes tipo 1<\/a>\n\n\n\n\n\n\n<div class=\"wprss-feed-meta\">\n    \n            <span class=\"feed-date\">\n            Publicado el: 09-07-2025\n        <\/span>\n    \n    <\/div>\n\n\n\n\n\n            \n        <\/li>\n                    <li class=\"wpra-item feed-item \">\n            \n            \n\n    <a  href=\"https:\/\/cooperativa.cl\/noticias\/sociedad\/salud\/diabetes\/dia-mundial-de-la-diabetes-especialistas-piden-incluir-actividad-fisica\/2024-11-14\/140446.html\" target=\"_blank\" rel=\"nofollow\" class=\"\">D\u00eda Mundial de la Diabetes: Especialistas piden incluir actividad f\u00edsica diaria en colegios<\/a>\n\n\n\n\n\n\n<div class=\"wprss-feed-meta\">\n    \n            <span class=\"feed-date\">\n            Publicado el: 14-11-2024\n        <\/span>\n    \n    <\/div>\n\n\n\n\n\n            \n        <\/li>\n                    <li class=\"wpra-item feed-item \">\n            \n            \n\n    <a  href=\"https:\/\/cooperativa.cl\/noticias\/pais\/salud\/medicamentos\/diabetes-llego-a-chile-el-rybelsus-una-excelente-alternativa-al\/2024-08-07\/122627.html\" target=\"_blank\" rel=\"nofollow\" class=\"\">Diabetes: Lleg\u00f3 a Chile el Rybelsus, una \"excelente alternativa\" al Ozempic<\/a>\n\n\n\n\n\n\n<div class=\"wprss-feed-meta\">\n    \n            <span class=\"feed-date\">\n            Publicado el: 07-08-2024\n        <\/span>\n    \n    <\/div>\n\n\n\n\n\n            \n        <\/li>\n        <\/ul>\n\n        \n<\/div>\n\n<\/div>\n[\/vc_column_text][vc_separator type=\u00bbnormal\u00bb color=\u00bb#adadad\u00bb][vc_column_text]<\/p>\n<h4>Drogas<\/h4>\n<p>[\/vc_column_text][vc_empty_space][vc_column_text]<div class=\"wp-rss-template-container\" data-wpra-template=\"default\" data-template-ctx=\"eyJmZWVkcyI6InJzc19jb29wZXJhdGl2YV9kcm9nYXMifQ==\">\n    <div class=\"wp-rss-aggregator wpra-list-template  \" data-page=\"1\">\n    \n    \n<ul class=\"wpra-item-list rss-aggregator wpra-item-list--bullets wpra-item-list--default\"\n    start=\"1\">\n                        <li class=\"wpra-item feed-item \">\n            \n            \n\n    <a  href=\"https:\/\/cooperativa.cl\/noticias\/mundo\/ee-uu\/onu-por-supuesto-ataque-de-ee-uu-a-barco-del-tren-de-aragua-no-se\/2025-09-05\/105125.html\" target=\"_blank\" rel=\"nofollow\" class=\"\">ONU por supuesto ataque de EE.UU. a barco del Tren de Aragua: \"No se debe matar por traficar\"<\/a>\n\n\n\n\n\n\n<div class=\"wprss-feed-meta\">\n    \n            <span class=\"feed-date\">\n            Publicado el: 05-09-2025\n        <\/span>\n    \n    <\/div>\n\n\n\n\n\n            \n        <\/li>\n                    <li class=\"wpra-item feed-item \">\n            \n            \n\n    <a  href=\"https:\/\/cooperativa.cl\/noticias\/mundo\/argentina\/a-87-subieron-las-victimas-por-fentanilo-contaminado-en-hospitales-de\/2025-08-13\/000348.html\" target=\"_blank\" rel=\"nofollow\" class=\"\">A 87 subieron las v\u00edctimas por fentanilo contaminado en hospitales de Argentina<\/a>\n\n\n\n\n\n\n<div class=\"wprss-feed-meta\">\n    \n            <span class=\"feed-date\">\n            Publicado el: 13-08-2025\n        <\/span>\n    \n    <\/div>\n\n\n\n\n\n            \n        <\/li>\n                    <li class=\"wpra-item feed-item \">\n            \n            \n\n    <a  href=\"https:\/\/cooperativa.cl\/noticias\/pais\/infancia\/politicas-publicas\/creciendo-juntos-claves-de-la-encuesta-juventud-y-bienestar-del-senda\/2025-05-13\/122042.html\" target=\"_blank\" rel=\"nofollow\" class=\"\">Creciendo Juntos: Claves de la encuesta \"Juventud y Bienestar\" del Senda<\/a>\n\n\n\n\n\n\n<div class=\"wprss-feed-meta\">\n    \n            <span class=\"feed-date\">\n            Publicado el: 13-05-2025\n        <\/span>\n    \n    <\/div>\n\n\n\n\n\n            \n        <\/li>\n        <\/ul>\n\n        \n<\/div>\n\n<\/div>\n[\/vc_column_text][vc_separator type=\u00bbnormal\u00bb color=\u00bb#adadad\u00bb][vc_column_text]<\/p>\n<h4>Gen\u00e9tica<\/h4>\n<p>[\/vc_column_text][vc_empty_space][vc_column_text]<div class=\"wp-rss-template-container\" data-wpra-template=\"default\" data-template-ctx=\"eyJmZWVkcyI6InJzc19jb29wZXJhdGl2YV9nZW5ldGljYSJ9\">\n    <div class=\"wp-rss-aggregator wpra-list-template  \" data-page=\"1\">\n    \n    \n<ul class=\"wpra-item-list rss-aggregator wpra-item-list--bullets wpra-item-list--default\"\n    start=\"1\">\n                        <li class=\"wpra-item feed-item \">\n            \n            \n\n    <a  href=\"https:\/\/cooperativa.cl\/noticias\/sociedad\/historia\/nazismo\/adn-de-hitler-revelo-que-padecia-un-trastorno-de-desarrollo-de-sus\/2025-11-13\/183954.html\" target=\"_blank\" rel=\"nofollow\" class=\"\">ADN de Hitler revel\u00f3 que padec\u00eda un trastorno de desarrollo de sus \u00f3rganos sexuales<\/a>\n\n\n\n\n\n\n<div class=\"wprss-feed-meta\">\n    \n            <span class=\"feed-date\">\n            Publicado el: 13-11-2025\n        <\/span>\n    \n    <\/div>\n\n\n\n\n\n            \n        <\/li>\n                    <li class=\"wpra-item feed-item \">\n            \n            \n\n    <a  href=\"https:\/\/cooperativa.cl\/noticias\/sociedad\/ciencia\/genetica\/murio-james-watson-uno-de-los-padres-del-adn-a-los-97-anos\/2025-11-07\/180619.html\" target=\"_blank\" rel=\"nofollow\" class=\"\">Muri\u00f3 James Watson, uno de los padres del ADN, a los 97 a\u00f1os<\/a>\n\n\n\n\n\n\n<div class=\"wprss-feed-meta\">\n    \n            <span class=\"feed-date\">\n            Publicado el: 07-11-2025\n        <\/span>\n    \n    <\/div>\n\n\n\n\n\n            \n        <\/li>\n                    <li class=\"wpra-item feed-item \">\n            \n            \n\n    <a  href=\"https:\/\/cooperativa.cl\/noticias\/sociedad\/astronomia\/desde-chile-descubren-indicios-del-origen-de-la-vida-en-el-espacio-exterior\/2025-07-24\/183339.html\" target=\"_blank\" rel=\"nofollow\" class=\"\">Desde Chile descubren indicios del origen de la vida en el espacio exterior<\/a>\n\n\n\n\n\n\n<div class=\"wprss-feed-meta\">\n    \n            <span class=\"feed-date\">\n            Publicado el: 24-07-2025\n        <\/span>\n    \n    <\/div>\n\n\n\n\n\n            \n        <\/li>\n        <\/ul>\n\n        \n<\/div>\n\n<\/div>\n[\/vc_column_text][vc_separator type=\u00bbnormal\u00bb color=\u00bb#adadad\u00bb][vc_column_text]<\/p>\n<h4>Infancia<\/h4>\n<p>[\/vc_column_text][vc_empty_space][vc_column_text]<div class=\"wp-rss-template-container\" data-wpra-template=\"default\" data-template-ctx=\"eyJmZWVkcyI6InJzc19jb29wZXJhdGl2YV9pbmZhbmNpYSJ9\">\n    <div class=\"wp-rss-aggregator wpra-list-template  \" data-page=\"1\">\n    \n    \n<ul class=\"wpra-item-list rss-aggregator wpra-item-list--bullets wpra-item-list--default\"\n    start=\"1\">\n                        <li class=\"wpra-item feed-item \">\n            \n            \n\n    <a  href=\"https:\/\/cooperativa.cl\/noticias\/pais\/salud\/por-que-los-ojos-del-mundo-se-posaron-sobre-la-respuesta-chilena-contra\/2025-10-24\/201946.html\" target=\"_blank\" rel=\"nofollow\" class=\"\">\u00bfPor qu\u00e9 los ojos del mundo se posaron sobre la respuesta chilena contra el virus sincicial?<\/a>\n\n\n\n\n\n\n<div class=\"wprss-feed-meta\">\n    \n            <span class=\"feed-date\">\n            Publicado el: 24-10-2025\n        <\/span>\n    \n    <\/div>\n\n\n\n\n\n            \n        <\/li>\n                    <li class=\"wpra-item feed-item \">\n            \n            \n\n    <a  href=\"https:\/\/cooperativa.cl\/noticias\/sociedad\/salud\/infancia\/the-lancet-destaco-a-chile-por-vacuna-contra-el-virus-sincicial\/2025-10-23\/193846.html\" target=\"_blank\" rel=\"nofollow\" class=\"\">The Lancet destac\u00f3 a Chile por vacuna contra el virus sincicial<\/a>\n\n\n\n\n\n\n<div class=\"wprss-feed-meta\">\n    \n            <span class=\"feed-date\">\n            Publicado el: 23-10-2025\n        <\/span>\n    \n    <\/div>\n\n\n\n\n\n            \n        <\/li>\n                    <li class=\"wpra-item feed-item \">\n            \n            \n\n    <a  href=\"https:\/\/cooperativa.cl\/noticias\/sociedad\/salud\/infancia\/mas-alla-de-los-genes-factores-clave-que-influyen-en-el-crecimiento\/2025-09-22\/110503.html\" target=\"_blank\" rel=\"nofollow\" class=\"\">M\u00e1s all\u00e1 de los genes: Factores clave que influyen en el crecimiento infantil<\/a>\n\n\n\n\n\n\n<div class=\"wprss-feed-meta\">\n    \n            <span class=\"feed-date\">\n            Publicado el: 22-09-2025\n        <\/span>\n    \n    <\/div>\n\n\n\n\n\n            \n        <\/li>\n        <\/ul>\n\n        \n<\/div>\n\n<\/div>\n<p>[\/vc_column_text][vc_separator type=\u00bbnormal\u00bb color=\u00bb#adadad\u00bb][vc_column_text]<\/p>\n<h4>Medicamentos<\/h4>\n<p>[\/vc_column_text][vc_empty_space][vc_column_text]<div class=\"wp-rss-template-container\" data-wpra-template=\"default\" data-template-ctx=\"eyJmZWVkcyI6InJzc19jb29wZXJhdGl2YV9tZWRpY2FtZW50b3MifQ==\">\n    <div class=\"wp-rss-aggregator wpra-list-template  \" data-page=\"1\">\n    \n    \n<ul class=\"wpra-item-list rss-aggregator wpra-item-list--bullets wpra-item-list--default\"\n    start=\"1\">\n                        <li class=\"wpra-item feed-item \">\n            \n            \n\n    <a  href=\"https:\/\/cooperativa.cl\/noticias\/pais\/salud\/medicamentos\/puerto-montt-mujer-busca-200-millones-de-pesos-para-acceder-a\/2025-08-16\/212513.html\" target=\"_blank\" rel=\"nofollow\" class=\"\">Puerto Montt: Mujer busca 200 millones de pesos para acceder a tratamiento vital<\/a>\n\n\n\n\n\n\n<div class=\"wprss-feed-meta\">\n    \n            <span class=\"feed-date\">\n            Publicado el: 17-08-2025\n        <\/span>\n    \n    <\/div>\n\n\n\n\n\n            \n        <\/li>\n                    <li class=\"wpra-item feed-item \">\n            \n            \n\n    <a  href=\"https:\/\/cooperativa.cl\/noticias\/sociedad\/salud\/medicamentos\/ema-desaconsejo-autorizar-medicamento-contra-distrofia-de-duchenne\/2025-07-25\/105510.html\" target=\"_blank\" rel=\"nofollow\" class=\"\">EMA desaconsej\u00f3 autorizar medicamento contra distrofia de Duchenne<\/a>\n\n\n\n\n\n\n<div class=\"wprss-feed-meta\">\n    \n            <span class=\"feed-date\">\n            Publicado el: 25-07-2025\n        <\/span>\n    \n    <\/div>\n\n\n\n\n\n            \n        <\/li>\n                    <li class=\"wpra-item feed-item \">\n            \n            \n\n    <a  href=\"https:\/\/cooperativa.cl\/noticias\/mundo\/china\/uso-de-medicamentos-genericos-causa-controversia-en-china-por-presunta\/2025-02-12\/110234.html\" target=\"_blank\" rel=\"nofollow\" class=\"\">Uso de medicamentos gen\u00e9ricos causa controversia en China por presunta ineficacia<\/a>\n\n\n\n\n\n\n<div class=\"wprss-feed-meta\">\n    \n            <span class=\"feed-date\">\n            Publicado el: 12-02-2025\n        <\/span>\n    \n    <\/div>\n\n\n\n\n\n            \n        <\/li>\n        <\/ul>\n\n        \n<\/div>\n\n<\/div>\n<p>&nbsp;<\/p>\n<p>[\/vc_column_text][vc_separator type=\u00bbnormal\u00bb color=\u00bb#adadad\u00bb][vc_column_text]<\/p>\n<h4>Parkinson<\/h4>\n<p>[\/vc_column_text][vc_empty_space][vc_column_text]<div class=\"wp-rss-template-container\" data-wpra-template=\"default\" data-template-ctx=\"eyJmZWVkcyI6InJzc19jb29wZXJhdGl2YV9wYXJraW5zb24ifQ==\">\n    <div class=\"wp-rss-aggregator wpra-list-template  \" data-page=\"1\">\n    \n    \n<ul class=\"wpra-item-list rss-aggregator wpra-item-list--bullets wpra-item-list--default\"\n    start=\"1\">\n                        <li class=\"wpra-item feed-item \">\n            \n            \n\n    <a  href=\"https:\/\/cooperativa.cl\/noticias\/sociedad\/salud\/parkinson\/estudio-descubre-una-nueva-forma-de-aprendizaje-del-cerebro\/2025-05-14\/213852.html\" target=\"_blank\" rel=\"nofollow\" class=\"\">Estudio descubre una nueva forma de aprendizaje del cerebro<\/a>\n\n\n\n\n\n\n<div class=\"wprss-feed-meta\">\n    \n            <span class=\"feed-date\">\n            Publicado el: 15-05-2025\n        <\/span>\n    \n    <\/div>\n\n\n\n\n\n            \n        <\/li>\n                    <li class=\"wpra-item feed-item \">\n            \n            \n\n    <a  href=\"https:\/\/cooperativa.cl\/noticias\/sociedad\/salud\/parkinson\/comida-ultraprocesada-acelera-primeros-signos-del-parkinson-segun-estudio\/2025-05-07\/174004.html\" target=\"_blank\" rel=\"nofollow\" class=\"\">Comida ultraprocesada acelera primeros signos del Parkinson, seg\u00fan estudio<\/a>\n\n\n\n\n\n\n<div class=\"wprss-feed-meta\">\n    \n            <span class=\"feed-date\">\n            Publicado el: 07-05-2025\n        <\/span>\n    \n    <\/div>\n\n\n\n\n\n            \n        <\/li>\n                    <li class=\"wpra-item feed-item \">\n            \n            \n\n    <a  href=\"https:\/\/cooperativa.cl\/noticias\/sociedad\/salud\/parkinson\/estudio-arrojo-vinculo-claro-entre-trastorno-del-sueno-y-el-parkinson\/2024-11-20\/213718.html\" target=\"_blank\" rel=\"nofollow\" class=\"\">Estudio arroj\u00f3 v\u00ednculo \"claro\" entre trastorno del sue\u00f1o y el Parkinson<\/a>\n\n\n\n\n\n\n<div class=\"wprss-feed-meta\">\n    \n            <span class=\"feed-date\">\n            Publicado el: 21-11-2024\n        <\/span>\n    \n    <\/div>\n\n\n\n\n\n            \n        <\/li>\n        <\/ul>\n\n        \n<\/div>\n\n<\/div>\n<p>[\/vc_column_text][vc_separator type=\u00bbnormal\u00bb color=\u00bb#adadad\u00bb][vc_column_text]<\/p>\n<h4>Qu\u00edmica<\/h4>\n<p>[\/vc_column_text][vc_empty_space][vc_column_text]<\/p>\n<div class=\"wp-rss-template-container\" data-wpra-template=\"default\" data-template-ctx=\"eyJmZWVkcyI6InJzc19jb29wZXJhdGl2YV9xdWltaWNhIn0=\">\n    <div class=\"wp-rss-aggregator wpra-list-template  \" data-page=\"1\">\n    \n    \n<ul class=\"wpra-item-list rss-aggregator wpra-item-list--bullets wpra-item-list--default\"\n    start=\"1\">\n                        <li class=\"wpra-item feed-item \">\n            \n            \n\n    <a  href=\"https:\/\/cooperativa.cl\/noticias\/pais\/energia\/premio-nacional-de-ciencias-fue-reconocido-internacionalmente-por-su\/2025-08-26\/194551.html\" target=\"_blank\" rel=\"nofollow\" class=\"\">Premio Nacional de Ciencias fue reconocido internacionalmente por su aporte a la energ\u00eda limpia<\/a>\n\n\n\n\n\n\n<div class=\"wprss-feed-meta\">\n    \n            <span class=\"feed-date\">\n            Publicado el: 26-08-2025\n        <\/span>\n    \n    <\/div>\n\n\n\n\n\n            \n        <\/li>\n                    <li class=\"wpra-item feed-item \">\n            \n            \n\n    <a  href=\"https:\/\/cooperativa.cl\/noticias\/sociedad\/astronomia\/espacio\/observan-megaexplosion-en-el-espacio-que-crea-los-elementos\/2023-10-25\/182525.html\" target=\"_blank\" rel=\"nofollow\" class=\"\">Observan megaexplosi\u00f3n en el espacio que crea los elementos imprescindibles para la vida<\/a>\n\n\n\n\n\n\n<div class=\"wprss-feed-meta\">\n    \n            <span class=\"feed-date\">\n            Publicado el: 26-10-2023\n        <\/span>\n    \n    <\/div>\n\n\n\n\n\n            \n        <\/li>\n                    <li class=\"wpra-item feed-item \">\n            \n            \n\n    <a  href=\"https:\/\/cooperativa.cl\/noticias\/sociedad\/premios-nobel\/nobel-de-quimica-premia-el-descubrimiento-y-la-sintesis-de-puntos\/2023-10-04\/063054.html\" target=\"_blank\" rel=\"nofollow\" class=\"\">Nobel de Qu\u00edmica premia el descubrimiento y la s\u00edntesis de puntos cu\u00e1nticos<\/a>\n\n\n\n\n\n\n<div class=\"wprss-feed-meta\">\n    \n            <span class=\"feed-date\">\n            Publicado el: 04-10-2023\n        <\/span>\n    \n    <\/div>\n\n\n\n\n\n            \n        <\/li>\n        <\/ul>\n\n        \n<\/div>\n\n<\/div>\n\n<p>&nbsp;<\/p>\n<p>[\/vc_column_text][vc_separator type=\u00bbnormal\u00bb color=\u00bb#adadad\u00bb][vc_column_text]<\/p>\n<h4>Reciclaje<\/h4>\n<p>[\/vc_column_text][vc_empty_space][vc_column_text]<div class=\"wp-rss-template-container\" data-wpra-template=\"default\" data-template-ctx=\"eyJmZWVkcyI6InJzc19jb29wZXJhdGl2YV9yZWNpY2xhamUifQ==\">\n    <div class=\"wp-rss-aggregator wpra-list-template  \" data-page=\"1\">\n    \n    \n<ul class=\"wpra-item-list rss-aggregator wpra-item-list--bullets wpra-item-list--default\"\n    start=\"1\">\n                        <li class=\"wpra-item feed-item \">\n            \n            \n\n    <a  href=\"https:\/\/cooperativa.cl\/noticias\/sociedad\/medioambiente\/reciclaje\/el-intercambio-de-ropa-que-busca-romper-record-guinness-llego-a-chile\/2025-10-25\/152324.html\" target=\"_blank\" rel=\"nofollow\" class=\"\">El intercambio de ropa que busca romper R\u00e9cord Guinness lleg\u00f3 a Chile<\/a>\n\n\n\n\n\n\n<div class=\"wprss-feed-meta\">\n    \n            <span class=\"feed-date\">\n            Publicado el: 25-10-2025\n        <\/span>\n    \n    <\/div>\n\n\n\n\n\n            \n        <\/li>\n                    <li class=\"wpra-item feed-item \">\n            \n            \n\n    <a  href=\"https:\/\/cooperativa.cl\/noticias\/sociedad\/medioambiente\/reciclaje\/piensa-circular-disminuyen-las-personas-que-dicen-reciclar-en-chile\/2024-11-24\/103305.html\" target=\"_blank\" rel=\"nofollow\" class=\"\">Piensa Circular: Disminuyen las personas que dicen reciclar en Chile<\/a>\n\n\n\n\n\n\n<div class=\"wprss-feed-meta\">\n    \n            <span class=\"feed-date\">\n            Publicado el: 24-11-2024\n        <\/span>\n    \n    <\/div>\n\n\n\n\n\n            \n        <\/li>\n                    <li class=\"wpra-item feed-item \">\n            \n            \n\n    <a  href=\"https:\/\/cooperativa.cl\/noticias\/sociedad\/medioambiente\/reciclaje\/cambio-de-switch-el-primer-barometro-del-reciclaje-en-chile\/2024-11-23\/132947.html\" target=\"_blank\" rel=\"nofollow\" class=\"\">Cambio de Switch: El primer Bar\u00f3metro del Reciclaje en Chile<\/a>\n\n\n\n\n\n\n<div class=\"wprss-feed-meta\">\n    \n            <span class=\"feed-date\">\n            Publicado el: 23-11-2024\n        <\/span>\n    \n    <\/div>\n\n\n\n\n\n            \n        <\/li>\n        <\/ul>\n\n        \n<\/div>\n\n<\/div>\n<p>&nbsp;<\/p>\n<p>&nbsp;<\/p>\n<p>[\/vc_column_text][vc_separator type=\u00bbnormal\u00bb color=\u00bb#adadad\u00bb][vc_column_text]<\/p>\n<h4>Sexualidad<\/h4>\n<p>[\/vc_column_text][vc_empty_space][vc_column_text]<div class=\"wp-rss-template-container\" data-wpra-template=\"default\" data-template-ctx=\"eyJmZWVkcyI6InJzc19jb29wZXJhdGl2YV9zZXh1YWxpZGFkIn0=\">\n    <div class=\"wp-rss-aggregator wpra-list-template  \" data-page=\"1\">\n    \n    \n<ul class=\"wpra-item-list rss-aggregator wpra-item-list--bullets wpra-item-list--default\"\n    start=\"1\">\n                        <li class=\"wpra-item feed-item \">\n            \n            \n\n    <a  href=\"https:\/\/cooperativa.cl\/noticias\/pais\/salud\/preocupacion-en-chiloe-por-aumento-sostenido-de-infecciones-de\/2025-10-11\/171338.html\" target=\"_blank\" rel=\"nofollow\" class=\"\">Preocupaci\u00f3n en Chilo\u00e9 por aumento sostenido de infecciones de transmisi\u00f3n sexual<\/a>\n\n\n\n\n\n\n<div class=\"wprss-feed-meta\">\n    \n            <span class=\"feed-date\">\n            Publicado el: 11-10-2025\n        <\/span>\n    \n    <\/div>\n\n\n\n\n\n            \n        <\/li>\n                    <li class=\"wpra-item feed-item \">\n            \n            \n\n    <a  href=\"https:\/\/cooperativa.cl\/noticias\/sociedad\/salud\/sexualidad\/dia-internacional-del-condon-chilenos-cuentan-por-que-lo-usan\/2025-02-13\/145122.html\" target=\"_blank\" rel=\"nofollow\" class=\"\">D\u00eda Internacional del Cond\u00f3n: Chilenos cuentan por qu\u00e9 lo usan<\/a>\n\n\n\n\n\n\n<div class=\"wprss-feed-meta\">\n    \n            <span class=\"feed-date\">\n            Publicado el: 13-02-2025\n        <\/span>\n    \n    <\/div>\n\n\n\n\n\n            \n        <\/li>\n                    <li class=\"wpra-item feed-item \">\n            \n            \n\n    <a  href=\"https:\/\/cooperativa.cl\/noticias\/mundo\/europa\/alertan-sobre-aumento-preocupante-de-enfermedades-de-transmision\/2023-12-08\/104845.html\" target=\"_blank\" rel=\"nofollow\" class=\"\">Alertan sobre aumento \"preocupante\" de enfermedades de transmisi\u00f3n sexual en Europa<\/a>\n\n\n\n\n\n\n<div class=\"wprss-feed-meta\">\n    \n            <span class=\"feed-date\">\n            Publicado el: 08-12-2023\n        <\/span>\n    \n    <\/div>\n\n\n\n\n\n            \n        <\/li>\n        <\/ul>\n\n        \n<\/div>\n\n<\/div>\n<p>&nbsp;<\/p>\n<p>&nbsp;<\/p>\n<p>&nbsp;<\/p>\n<p>[\/vc_column_text][\/vc_column][vc_column width=\u00bb1\/3&#8243;][vc_column_text]<\/p>\n<p style=\"text-align: center;\">\r\n<div id=\"sb_instagram\"  class=\"sbi sbi_mob_col_1 sbi_tab_col_1 sbi_col_1 sbi_width_resp\" style=\"padding-bottom: 40px;\" data-feedid=\"*1\"  data-res=\"auto\" data-cols=\"1\" data-colsmobile=\"1\" data-colstablet=\"1\" data-num=\"9\" data-nummobile=\"9\" data-shortcode-atts=\"{&quot;feed&quot;:&quot;1&quot;}\"  data-postid=\"632\" data-locatornonce=\"2d8998feb6\" data-options=\"{&quot;grid&quot;:true,&quot;lightboxcomments&quot;:20,&quot;colsmobile&quot;:1,&quot;colstablet&quot;:&quot;1&quot;}\" data-sbi-flags=\"favorLocal\">\r\n\r\n\r\n    <div id=\"sbi_images\" style=\"padding: 20px;\">\r\n\t\t    <\/div>\r\n\r\n\t<div id=\"sbi_load\" >\r\n\r\n\t\r\n\t        <span class=\"sbi_follow_btn sbi_custom\">\r\n        <a href=\"https:\/\/www.instagram.com\/17841408540632500\/\" style=\"background: rgb(64,139,209);\" data-button-hover=\"#359dff\" target=\"_blank\" rel=\"nofollow noopener\">\r\n            <svg class=\"svg-inline--fa fa-instagram fa-w-14\" aria-hidden=\"true\" data-fa-processed=\"\" aria-label=\"Instagram\" data-prefix=\"fab\" data-icon=\"instagram\" role=\"img\" viewBox=\"0 0 448 512\">\r\n\t                <path fill=\"currentColor\" d=\"M224.1 141c-63.6 0-114.9 51.3-114.9 114.9s51.3 114.9 114.9 114.9S339 319.5 339 255.9 287.7 141 224.1 141zm0 189.6c-41.1 0-74.7-33.5-74.7-74.7s33.5-74.7 74.7-74.7 74.7 33.5 74.7 74.7-33.6 74.7-74.7 74.7zm146.4-194.3c0 14.9-12 26.8-26.8 26.8-14.9 0-26.8-12-26.8-26.8s12-26.8 26.8-26.8 26.8 12 26.8 26.8zm76.1 27.2c-1.7-35.9-9.9-67.7-36.2-93.9-26.2-26.2-58-34.4-93.9-36.2-37-2.1-147.9-2.1-184.9 0-35.8 1.7-67.6 9.9-93.9 36.1s-34.4 58-36.2 93.9c-2.1 37-2.1 147.9 0 184.9 1.7 35.9 9.9 67.7 36.2 93.9s58 34.4 93.9 36.2c37 2.1 147.9 2.1 184.9 0 35.9-1.7 67.7-9.9 93.9-36.2 26.2-26.2 34.4-58 36.2-93.9 2.1-37 2.1-147.8 0-184.8zM398.8 388c-7.8 19.6-22.9 34.7-42.6 42.6-29.5 11.7-99.5 9-132.1 9s-102.7 2.6-132.1-9c-19.6-7.8-34.7-22.9-42.6-42.6-11.7-29.5-9-99.5-9-132.1s-2.6-102.7 9-132.1c7.8-19.6 22.9-34.7 42.6-42.6 29.5-11.7 99.5-9 132.1-9s102.7-2.6 132.1 9c19.6 7.8 34.7 22.9 42.6 42.6 11.7 29.5 9 99.5 9 132.1s2.7 102.7-9 132.1z\"><\/path>\r\n\t            <\/svg>            <span>Follow on Instagram<\/span>\r\n        <\/a>\r\n    <\/span>\r\n\t\r\n<\/div>\r\n\t    <span class=\"sbi_resized_image_data\" data-feed-id=\"*1\" data-resized=\"[]\">\r\n\t<\/span>\r\n\t        <div id=\"sbi_mod_error\">\r\n            <span>This error message is only visible to WordPress admins<\/span><br \/>\r\n        <div><strong>Error: There is no connected account for the user 17841408540632500.<\/strong><\/div>        <\/div>\r\n        \r\n<\/div>\n<p>[\/vc_column_text][\/vc_column][\/vc_row][vc_row css_animation=\u00bb\u00bb row_type=\u00bbrow\u00bb use_row_as_full_screen_section=\u00bbno\u00bb type=\u00bbfull_width\u00bb angled_section=\u00bbno\u00bb text_align=\u00bbleft\u00bb background_image_as_pattern=\u00bbwithout_pattern\u00bb css=\u00bb.vc_custom_1646783794930{padding-right: 80px !important;padding-left: 80px !important;}\u00bb z_index=\u00bb\u00bb][vc_column][vc_empty_space][vc_separator type=\u00bbnormal\u00bb color=\u00bb#adadad\u00bb][vc_empty_space][\/vc_column][\/vc_row][vc_row css_animation=\u00bb\u00bb row_type=\u00bbrow\u00bb use_row_as_full_screen_section=\u00bbno\u00bb type=\u00bbfull_width\u00bb angled_section=\u00bbno\u00bb text_align=\u00bbcenter\u00bb background_image_as_pattern=\u00bbwithout_pattern\u00bb z_index=\u00bb\u00bb][vc_column][vc_column_text]<\/p>\n<h3 class=\"list-group\" style=\"text-align: center;\"><a class=\"list-group-item\" href=\"https:\/\/pharmacare.cl\/?page_id=831\"><i class=\"fa fa-newspaper-o fa-fw \"><\/i> Noticias Anteriores&#8230;<\/a><\/h3>\n<p>[\/vc_column_text][\/vc_column][\/vc_row][vc_row css_animation=\u00bb\u00bb row_type=\u00bbrow\u00bb use_row_as_full_screen_section=\u00bbno\u00bb type=\u00bbfull_width\u00bb angled_section=\u00bbno\u00bb text_align=\u00bbleft\u00bb background_image_as_pattern=\u00bbwithout_pattern\u00bb css=\u00bb.vc_custom_1646783794930{padding-right: 80px !important;padding-left: 80px !important;}\u00bb z_index=\u00bb\u00bb][vc_column][vc_empty_space][vc_separator type=\u00bbnormal\u00bb color=\u00bb#adadad\u00bb][vc_empty_space][\/vc_column][\/vc_row]<\/p>\n","protected":false},"excerpt":{"rendered":"<p>[vc_row css_animation=\u00bb\u00bb row_type=\u00bbrow\u00bb use_row_as_full_screen_section=\u00bbno\u00bb type=\u00bbfull_width\u00bb angled_section=\u00bbno\u00bb text_align=\u00bbleft\u00bb background_image_as_pattern=\u00bbwithout_pattern\u00bb css=\u00bb.vc_custom_1646783684385{padding-right: 80px !important;padding-left: 80px !important;}\u00bb z_index=\u00bb\u00bb][vc_column][vc_empty_space height=\u00bb64px\u00bb][\/vc_column][\/vc_row][vc_row css_animation=\u00bb\u00bb row_type=\u00bbrow\u00bb use_row_as_full_screen_section=\u00bbno\u00bb type=\u00bbfull_width\u00bb angled_section=\u00bbno\u00bb text_align=\u00bbleft\u00bb background_image_as_pattern=\u00bbwithout_pattern\u00bb css=\u00bb.vc_custom_1646783684385{padding-right: 80px !important;padding-left: 80px !important;}\u00bb z_index=\u00bb\u00bb][vc_column width=\u00bb1\/2&#8243;][vc_column_text] Noticias [\/vc_column_text][\/vc_column][vc_column width=\u00bb1\/2&#8243;][vc_column_text] Redes Sociales [\/vc_column_text][\/vc_column][\/vc_row][vc_row css_animation=\u00bb\u00bb row_type=\u00bbrow\u00bb use_row_as_full_screen_section=\u00bbno\u00bb type=\u00bbfull_width\u00bb angled_section=\u00bbno\u00bb text_align=\u00bbleft\u00bb background_image_as_pattern=\u00bbwithout_pattern\u00bb css=\u00bb.vc_custom_1646783684385{padding-right: 80px !important;padding-left:&#8230;<\/p>\n","protected":false},"author":1,"featured_media":0,"parent":0,"menu_order":0,"comment_status":"closed","ping_status":"closed","template":"","meta":{"footnotes":""},"class_list":["post-632","page","type-page","status-publish","hentry"],"_links":{"self":[{"href":"https:\/\/pharmacare.cl\/index.php?rest_route=\/wp\/v2\/pages\/632","targetHints":{"allow":["GET"]}}],"collection":[{"href":"https:\/\/pharmacare.cl\/index.php?rest_route=\/wp\/v2\/pages"}],"about":[{"href":"https:\/\/pharmacare.cl\/index.php?rest_route=\/wp\/v2\/types\/page"}],"author":[{"embeddable":true,"href":"https:\/\/pharmacare.cl\/index.php?rest_route=\/wp\/v2\/users\/1"}],"replies":[{"embeddable":true,"href":"https:\/\/pharmacare.cl\/index.php?rest_route=%2Fwp%2Fv2%2Fcomments&post=632"}],"version-history":[{"count":39,"href":"https:\/\/pharmacare.cl\/index.php?rest_route=\/wp\/v2\/pages\/632\/revisions"}],"predecessor-version":[{"id":1341,"href":"https:\/\/pharmacare.cl\/index.php?rest_route=\/wp\/v2\/pages\/632\/revisions\/1341"}],"wp:attachment":[{"href":"https:\/\/pharmacare.cl\/index.php?rest_route=%2Fwp%2Fv2%2Fmedia&parent=632"}],"curies":[{"name":"wp","href":"https:\/\/api.w.org\/{rel}","templated":true}]}}